{"id":711,"date":"2018-05-28T14:14:16","date_gmt":"2018-05-28T12:14:16","guid":{"rendered":"https:\/\/websites.fraunhofer.de\/bryo-engineering\/?page_id=711"},"modified":"2019-01-11T10:49:39","modified_gmt":"2019-01-11T09:49:39","slug":"informationen","status":"publish","type":"page","link":"https:\/\/bryo-engineering.com\/index.php\/informationen\/","title":{"rendered":"Informationen"},"content":{"rendered":"<div id='av_section_1'  class='avia-section av-145nae-e484183ac2512e581c4d3ad1f4531c95 main_color avia-section-huge avia-no-shadow  avia-builder-el-0  avia-builder-el-no-sibling  avia-bg-style-scroll container_wrap fullsize'  ><div class='container av-section-cont-open' ><main  role=\"main\" itemprop=\"mainContentOfPage\"  class='template-page content  av-content-full alpha units'><div class='post-entry post-entry-type-page post-entry-711'><div class='entry-content-wrapper clearfix'>\n\n<style type=\"text\/css\" data-created_by=\"avia_inline_auto\" id=\"style-css-av-jfg5nepn-bd97e5ba368539c77ab80242598ca79d\">\n#top .flex_column.av-jfg5nepn-bd97e5ba368539c77ab80242598ca79d{\nmargin-top:0px;\nmargin-bottom:0px;\n}\n.flex_column.av-jfg5nepn-bd97e5ba368539c77ab80242598ca79d{\nborder-radius:0px 0px 0px 0px;\npadding:0px 0px 0px 0px;\n}\n.responsive #top #wrap_all .flex_column.av-jfg5nepn-bd97e5ba368539c77ab80242598ca79d{\nmargin-top:0px;\nmargin-bottom:0px;\n}\n<\/style>\n<div  class='flex_column av-jfg5nepn-bd97e5ba368539c77ab80242598ca79d av_one_full  avia-builder-el-1  el_before_av_timeline  avia-builder-el-first  first flex_column_div av-animated-generic fade-in av-zero-column-padding  '     ><style type=\"text\/css\" data-created_by=\"avia_inline_auto\" id=\"style-css-av-av_heading-e9d0bf2ca773edc588a157496ddf8a3a\">\n#top .av-special-heading.av-av_heading-e9d0bf2ca773edc588a157496ddf8a3a{\nmargin:40px 0 170px 0;\npadding-bottom:0;\nfont-size:80px;\n}\nbody .av-special-heading.av-av_heading-e9d0bf2ca773edc588a157496ddf8a3a .av-special-heading-tag .heading-char{\nfont-size:25px;\n}\n#top #wrap_all .av-special-heading.av-av_heading-e9d0bf2ca773edc588a157496ddf8a3a .av-special-heading-tag{\nfont-size:80px;\n}\n.av-special-heading.av-av_heading-e9d0bf2ca773edc588a157496ddf8a3a .av-subheading{\nfont-size:30px;\n}\n\n@media only screen and (min-width: 480px) and (max-width: 767px){ \n#top #wrap_all .av-special-heading.av-av_heading-e9d0bf2ca773edc588a157496ddf8a3a .av-special-heading-tag{\nfont-size:0.8em;\n}\n}\n\n@media only screen and (max-width: 479px){ \n#top #wrap_all .av-special-heading.av-av_heading-e9d0bf2ca773edc588a157496ddf8a3a .av-special-heading-tag{\nfont-size:0.8em;\n}\n}\n<\/style>\n<div  class='av-special-heading av-av_heading-e9d0bf2ca773edc588a157496ddf8a3a av-special-heading-h3 blockquote modern-quote  avia-builder-el-2  avia-builder-el-no-sibling  av-inherit-size'><h3 class='av-special-heading-tag'  itemprop=\"headline\"  >Vertikaler Moosbewuchs <\/h3><div class='av-subheading av-subheading_below'><p>Entwicklung geeigneter Substratsysteme f\u00fcr ein kontrolliertes und zeitoptimiertes Wachstum.<\/p>\n<\/div><div class=\"special-heading-border\"><div class=\"special-heading-inner-border\"><\/div><\/div><\/div><\/div>\n<style type=\"text\/css\" data-created_by=\"avia_inline_auto\" id=\"style-css-av-jfjcxzvh-6eadc765b91d58f7ce648c79cfeefaef\">\n.avia-timeline-container.av-jfjcxzvh-6eadc765b91d58f7ce648c79cfeefaef .av-milestone-date{\ncolor:#000000;\n}\n.avia-timeline-container.av-jfjcxzvh-6eadc765b91d58f7ce648c79cfeefaef .av-milestone-icon-inner{\nbackground-color:#000000;\n}\n.avia-timeline-container.av-jfjcxzvh-6eadc765b91d58f7ce648c79cfeefaef .av-milestone-indicator{\nbackground-color:#000000;\n}\n.avia-timeline-container.av-jfjcxzvh-6eadc765b91d58f7ce648c79cfeefaef .av-milestone-article-footer{\nbackground-color:#000000;\n}\n<\/style>\n<div  id=\"avia-timeline-1\"  class='avia-timeline-container av-jfjcxzvh-6eadc765b91d58f7ce648c79cfeefaef av-slideshow-ui  avia-builder-el-3  el_after_av_one_full  el_before_av_hr  avia-slideshow-carousel' avia-data-slides='3'><ul class='avia-timeline avia-timeline-horizontal av-milestone-placement-top avia-timeline-boxshadow avia_animate_when_almost_visible avia-timeline-animate'>\n<li  class='av-milestone av-jd9mn-c4e7ebcc6a3acc92d4404c9d874955d0 av-animated-generic fade-in av-milestone-odd'><h2 class='av-milestone-date ' id='milestone-01-08-2017'><strong>01.08.2017<span class='av-milestone-indicator'><\/span><\/strong><\/h2><div class=\"av-milestone-icon-wrap\"><span class='av-milestone-icon milestone_icon avia-font-entypo-fontello'><span class='av-milestone-icon-inner milestone_inner'><i class='milestone-char' aria-hidden='true' data-av_icon='\ue897' data-av_iconfont='entypo-fontello'><\/i><\/span><\/span><\/div><article class='av-milestone-content-wrap'><div class='av-milestone-contentbox'><header class=\"entry-content-header\"><h4 class='av-milestone-title '>Projektstart<\/h4><\/header><div class='av-milestone-content'><p>Anfang August 2017 startete das Projekt VerticalGreenMoss im Rahmen der BMBF-F\u00f6rderma\u00dfnahme GO-Bio mit einer Laufzeit von zwei Jahren.<\/p>\n<\/div><\/div><footer class='av-milestone-article-footer entry-footer'><\/footer><\/article><\/li>\n<li  class='av-milestone av-rj3k7-4596c30efe335ad0e950e2baf72036ab av-animated-generic fade-in av-milestone-even'><h2 class='av-milestone-date ' id='milestone-07-08-12-2017'><strong>07.-08.12.2017<span class='av-milestone-indicator'><\/span><\/strong><\/h2><div class=\"av-milestone-icon-wrap\"><span class='av-milestone-icon milestone_icon avia-font-entypo-fontello'><span class='av-milestone-icon-inner milestone_inner'><i class='milestone-char' aria-hidden='true' data-av_icon='\ue844' data-av_iconfont='entypo-fontello'><\/i><\/span><\/span><\/div><article class='av-milestone-content-wrap'><div class='av-milestone-contentbox'><header class=\"entry-content-header\"><h4 class='av-milestone-title '>21. GO-Bio Gr\u00fcndergespr\u00e4ch des BMBF<\/h4><\/header><div class='av-milestone-content'><p>Mittels verschiedener Workshops bearbeiten die Teilnehmer in der 2-t\u00e4gigen Veranstaltung das Thema &#8222;Moderne technische und verbale Unternehmenskommunikation&#8220;.<\/p>\n<\/div><\/div><footer class='av-milestone-article-footer entry-footer'><\/footer><\/article><\/li>\n<li  class='av-milestone av-dv1tr-1ca8e3ce788c4861f305be9d444cc2e4 av-animated-generic fade-in av-milestone-odd'><h2 class='av-milestone-date ' id='milestone-14-15-06-2018'><strong>14.-15.06.2018<span class='av-milestone-indicator'><\/span><\/strong><\/h2><div class=\"av-milestone-icon-wrap\"><span class='av-milestone-icon milestone_icon avia-font-entypo-fontello'><span class='av-milestone-icon-inner milestone_inner'><i class='milestone-char' aria-hidden='true' data-av_icon='\ue844' data-av_iconfont='entypo-fontello'><\/i><\/span><\/span><\/div><article class='av-milestone-content-wrap'><div class='av-milestone-contentbox'><header class=\"entry-content-header\"><h4 class='av-milestone-title '>22. GO-Bio Gr\u00fcndergespr\u00e4ch des BMBF<\/h4><\/header><div class='av-milestone-content'><p>Auf Grundlage von Erfahrungsberichten und der Vermittlung von\u00a0methodischem und planerischem Vorgehen\u00a0widmet sich die Veranstaltung dem Thema\u00a0&#8222;Klinische Studien &#8211; eine Einf\u00fchrung&#8220;.<\/p>\n<\/div><\/div><footer class='av-milestone-article-footer entry-footer'><\/footer><\/article><\/li>\n<li  class='av-milestone av-h09fz-6f26ea03bc5ccd8fba6139d2efd79168 av-animated-generic fade-in av-milestone-even'><h2 class='av-milestone-date ' id='milestone-06-07-12-2018'><strong>06.-07.12.2018<span class='av-milestone-indicator'><\/span><\/strong><\/h2><div class=\"av-milestone-icon-wrap\"><span class='av-milestone-icon milestone_icon avia-font-entypo-fontello'><span class='av-milestone-icon-inner milestone_inner'><i class='milestone-char' aria-hidden='true' data-av_icon='\ue844' data-av_iconfont='entypo-fontello'><\/i><\/span><\/span><\/div><article class='av-milestone-content-wrap'><div class='av-milestone-contentbox'><header class=\"entry-content-header\"><h4 class='av-milestone-title '>23. GO-Bio Gr\u00fcndergespr\u00e4ch des BMBF<\/h4><\/header><div class='av-milestone-content'><p>Unter dem Thema &#8222;Unternehmerplanspiel&#8220; widmen sich die Teilnehmer in einem 2-t\u00e4gigen Workshop den zuk\u00fcnftigen Herausforderungen im weiteren Projektverlauf.<\/p>\n<\/div><\/div><footer class='av-milestone-article-footer entry-footer'><\/footer><\/article><\/li>\n<li  class='av-milestone av-av_timeline_item-7f7250a7ecc1d1620bc406e90d91db0a av-animated-generic fade-in av-milestone-odd'><h2 class='av-milestone-date ' id='milestone-14-19-01-2019'><strong>14.-19.01.2019<span class='av-milestone-indicator'><\/span><\/strong><\/h2><div class=\"av-milestone-icon-wrap\"><span class='av-milestone-icon milestone_icon avia-font-entypo-fontello'><span class='av-milestone-icon-inner milestone_inner'><i class='milestone-char' aria-hidden='true' data-av_icon='\ue8d2' data-av_iconfont='entypo-fontello'><\/i><\/span><\/span><\/div><article class='av-milestone-content-wrap'><div class='av-milestone-contentbox'><header class=\"entry-content-header\"><h4 class='av-milestone-title '>Messe BAU M\u00fcnchen<\/h4><\/header><div class='av-milestone-content'><p>Auf der\u00a0Weltleitmesse f\u00fcr Architektur, Materialien und Systeme\u00a0wird VerticalGreenMoss vom 14. bis 19. Januar 2019 interessierten Messebesuchern vorgestellt.<\/p>\n<p><a href=\"https:\/\/www.umsicht.fraunhofer.de\/de\/presse-medien\/pressemitteilungen\/2018\/bau-2019.html\" target=\"_blank\" rel=\"noopener\">Link Pressemitteilung<\/a><\/p>\n<\/div><\/div><footer class='av-milestone-article-footer entry-footer'><\/footer><\/article><\/li>\n<li  class='av-milestone av-gs15b-64bc646704c31ab375a6112d3778e528 av-animated-generic fade-in av-milestone-even'><h2 class='av-milestone-date ' id='milestone-31-07-2019'><strong>31.07.2019<span class='av-milestone-indicator'><\/span><\/strong><\/h2><div class=\"av-milestone-icon-wrap\"><span class='av-milestone-icon milestone_icon avia-font-entypo-fontello'><span class='av-milestone-icon-inner milestone_inner'><i class='milestone-char' aria-hidden='true' data-av_icon='\ue82a' data-av_iconfont='entypo-fontello'><\/i><\/span><\/span><\/div><article class='av-milestone-content-wrap'><div class='av-milestone-contentbox'><header class=\"entry-content-header\"><h4 class='av-milestone-title '>Projektende<\/h4><\/header><div class='av-milestone-content'><p>Projektende und Ableitung von weiteren Schritten auf Basis des im Projekt entwickelten Gesch\u00e4ftsmodells.<\/p>\n<\/div><\/div><footer class='av-milestone-article-footer entry-footer'><\/footer><\/article><\/li>\n<\/ul><div class='avia-slideshow-arrows avia-slideshow-controls av-timeline-nav ' ><a href='#prev' class='prev-slide prev-slide av-timeline-nav-prev av-nav-btn' aria-hidden='true' data-av_icon='\ue87c' data-av_iconfont='entypo-fontello'  tabindex='-1'>Zur\u00fcck<\/a><a href='#next' class='next-slide next-slide av-timeline-nav-next av-nav-btn' aria-hidden='true' data-av_icon='\ue87d' data-av_iconfont='entypo-fontello'  tabindex='-1'>Weiter<\/a><\/div><\/div>\n\n<style type=\"text\/css\" data-created_by=\"avia_inline_auto\" id=\"style-css-av-ji03gawv-66a2e226760816004781fdd3d809faf1\">\n#top .hr.hr-invisible.av-ji03gawv-66a2e226760816004781fdd3d809faf1{\nheight:50px;\n}\n<\/style>\n<div  class='hr av-ji03gawv-66a2e226760816004781fdd3d809faf1 hr-invisible  avia-builder-el-4  el_after_av_timeline  el_before_av_hr '><span class='hr-inner '><span class=\"hr-inner-style\"><\/span><\/span><\/div>\n\n<style type=\"text\/css\" data-created_by=\"avia_inline_auto\" id=\"style-css-av-ji03gawv-66a2e226760816004781fdd3d809faf1\">\n#top .hr.hr-invisible.av-ji03gawv-66a2e226760816004781fdd3d809faf1{\nheight:50px;\n}\n<\/style>\n<div  class='hr av-ji03gawv-66a2e226760816004781fdd3d809faf1 hr-invisible  avia-builder-el-5  el_after_av_hr  el_before_av_one_half '><span class='hr-inner '><span class=\"hr-inner-style\"><\/span><\/span><\/div>\n\n<style type=\"text\/css\" data-created_by=\"avia_inline_auto\" id=\"style-css-av-mwplb-11eb6116b2c61b00022f716c2d54d80b\">\n.flex_column.av-mwplb-11eb6116b2c61b00022f716c2d54d80b{\nborder-radius:0px 0px 0px 0px;\npadding:0px 0px 0px 0px;\n}\n<\/style>\n<div  class='flex_column av-mwplb-11eb6116b2c61b00022f716c2d54d80b av_one_half  avia-builder-el-6  el_after_av_hr  el_before_av_one_half  first flex_column_div av-zero-column-padding  '     ><p>\n<style type=\"text\/css\" data-created_by=\"avia_inline_auto\" id=\"style-css-av-av_heading-49906cc5f929b09ab5d9653dfc032299\">\n#top .av-special-heading.av-av_heading-49906cc5f929b09ab5d9653dfc032299{\npadding-bottom:0;\n}\nbody .av-special-heading.av-av_heading-49906cc5f929b09ab5d9653dfc032299 .av-special-heading-tag .heading-char{\nfont-size:25px;\n}\n.av-special-heading.av-av_heading-49906cc5f929b09ab5d9653dfc032299 .av-subheading{\nfont-size:15px;\n}\n<\/style>\n<div  class='av-special-heading av-av_heading-49906cc5f929b09ab5d9653dfc032299 av-special-heading-h3 blockquote modern-quote  avia-builder-el-7  el_before_av_textblock  avia-builder-el-first '><h3 class='av-special-heading-tag'  itemprop=\"headline\"  >Projektbeschreibung<\/h3><div class=\"special-heading-border\"><div class=\"special-heading-inner-border\"><\/div><\/div><\/div><br \/>\n<section  class='av_textblock_section av-jhq5zjrv-0fe00cf4996f63e121a6dc9f95c4becf '   itemscope=\"itemscope\" itemtype=\"https:\/\/schema.org\/CreativeWork\" ><div class='avia_textblock'  itemprop=\"text\" ><p>Gro\u00dfstadt Welt. Mit dem Wandel von einer Industrie- zur Dienstleistungs- und Wissensgesellschaft erleben die St\u00e4dte zu Beginn des 21. Jahrhunderts weltweit eine Renaissance. Immer mehr Menschen wollen in St\u00e4dten leben. Die Zahl der Metropolen und deren Einwohner steigt stetig. Lebten laut Statistik im Jahr 2005 49,1 Prozent der Bev\u00f6lkerung weltweit in St\u00e4dten, so wird dieser Anteil f\u00fcr 2030 auf 60,0 Prozent prognostiziert. In Deutschland sollen der Einsch\u00e4tzung nach in diesem Jahr sogar 78,6 Prozent der Bev\u00f6lkerung in St\u00e4dten leben. In den hoch individualisierten und voll vernetzten urbanen Lebensr\u00e4umen ver\u00e4ndert sich auch das Verst\u00e4ndnis von Natur und Mensch.<br \/>\nDurch den Wunsch nach einer erh\u00f6hten Lebensqualit\u00e4t und einem besseren Stadtklima wird Landschaft immer mehr in den urbanen Raum integriert. Intelligente Stadtkonzepte und smarte Designs vereinen dabei die Potenziale von Natur und Technik. Die Begr\u00fcnung von Bauwerken und st\u00e4dtischer Infrastruktur wird vor diesem Hintergrund f\u00fcr Architekten und Stadtplaner immer interessanter. Dabei sind die Anspr\u00fcche an begr\u00fcnten Fl\u00e4chen im urbanen Raum vielf\u00e4ltig. Gew\u00fcnscht sind Areale, die neben einer Steigerung des Wohlbefindens auch positive Auswirkungen auf das Mikroklima und die Luftreinhaltung aufweisen, L\u00e4rm- und Schallbelastungen reduzieren, energetische Einsparpotenziale erm\u00f6glichen, den Regenwasserr\u00fcckhalt unterst\u00fctzen und eine K\u00fchlung der oft \u00fcberhitzten St\u00e4dte f\u00f6rdern. Um L\u00f6sungen f\u00fcr diese Herausforderungen zu finden, wird die Entwicklung von zukunftsweisenden Systemen zur Begr\u00fcnung von Bauwerken und urbaner Infrastruktur f\u00fcr die Forschung und Entwicklung ein immer wichtigerer Bestandteil. Das Projekt \u201eVerticalGreenMoss\u201c des Fraunhofer-Instituts f\u00fcr Umwelt-, Sicherheits- und Energietechnik UMSICHT besch\u00e4ftigt sich mit der bislang wenig erforschten vertikalen Begr\u00fcnung unter Einsatz von Moosen. Als \u00e4lteste Landpflanzen haben Moose vielversprechende physiologische Aspekte, wie zum Beispiel eine Ionenaustauschkapazit\u00e4t und eine selektiv antibakterielle und fungizide Wirkung.<\/p>\n<\/div><\/section><\/p><\/div>\n<style type=\"text\/css\" data-created_by=\"avia_inline_auto\" id=\"style-css-av-goeqv-29f05b38f5e2a566f248c45169be9b91\">\n.flex_column.av-goeqv-29f05b38f5e2a566f248c45169be9b91{\nborder-radius:0px 0px 0px 0px;\npadding:0px 0px 0px 0px;\n}\n<\/style>\n<div  class='flex_column av-goeqv-29f05b38f5e2a566f248c45169be9b91 av_one_half  avia-builder-el-9  el_after_av_one_half  avia-builder-el-last  flex_column_div av-zero-column-padding  '     ><section  class='av_textblock_section av-jhq61628-e3c02f8d04663072cada96e805b15171 '   itemscope=\"itemscope\" itemtype=\"https:\/\/schema.org\/CreativeWork\" ><div class='avia_textblock'  itemprop=\"text\" ><p>In ihrem nat\u00fcrlichen \u00d6kosystem wachsen die gr\u00fcnen \u00dcberlebungsk\u00fcnstler h\u00e4ufig vertikal an Steinen und Rinden, eine langfristig erfolgreiche gezielt technische Anz\u00fcchtung der Moose ist bislang jedoch noch nicht gelungen. Durch eine spezifische Stimulanz nat\u00fcrlich inspirierter Oberfl\u00e4chen verfolgt das Projekt des Oberhausener Forschungsinstituts einen fl\u00e4chendeckenden, zeitoptimierten und langfristig vertikalen Moosbewuchs und die daraus resultierende Entwicklung erfolgreicher Produktkonzepte. Dazu m\u00fcssen im Projektverlauf zun\u00e4chst relevante Parameter ermittelt werden, die ein vertikales Mooswachstum in der freien Natur erm\u00f6glichen. Daten nat\u00fcrlicher Substrate und Standorte werden erhoben, ausgewertet und analysiert. Die Grundlage f\u00fcr eine Strukturierung stellen Abformungen nat\u00fcrlicher Oberfl\u00e4chen und die Untersuchung der sich darstellenden Substrattopologie dar. Auf Basis der Ergebnisse soll anschlie\u00dfend ein Konzept erstellt werden, das die Grundlage f\u00fcr die Entwicklung technischer Systeme bzw. f\u00fcr die Konzeptionierung eines geeigneten Substratdesigns darstellt. Die Funktionalisierung der oberfl\u00e4chennahen 3D-Struktur von Substraten kann einen gezielten Stoff-, Fl\u00fcssigkeits- und N\u00e4hrstofftransport erzielen oder auch Verankerungspositionen f\u00fcr biologische Strukturen aufzeigen. Diese Funktionalisierung kann technisch in Poren-, Rinnen- und vaskul\u00e4ren Strukturen erfolgen, die durch verschiedene 3D-Druckmethoden in das Substrat eingebracht und in gro\u00dfer Varianz untersucht werden k\u00f6nnen. Die entwickelten Substratoberfl\u00e4chen werden mit Moosfragmenten oder Sporen angeimpft und zur Optimierung mit Wirksubstanzen in Kombination mit oder im Anschluss an den 3D-Druck erg\u00e4nzt. Experimentelle Untersuchungen zur Mooskultivierung durch den Einsatz von Tag-Nacht-Versuchskammern, definierten Beleuchtungsszenarien und spezifischen Umgebungsbedingungen liefern valide Daten zum Besiedlungserfolg und zur Ermittlung der Aufwuchsgeschwindigkeit. Auf diesem Weg soll ein Substratsystem zum kontrollierten und zeitoptimierten Moosbewuchs entwickelt werden, das neue M\u00f6glichkeiten zur vertikalen Begr\u00fcnung im urbanen Raum offeriert und die genannten w\u00fcnschenswerten Effekte adressiert.<br \/>\nF\u00f6rderkennzeichen: 031B0398<\/p>\n<\/div><\/section><\/div>\n","protected":false},"excerpt":{"rendered":"","protected":false},"author":2,"featured_media":0,"parent":0,"menu_order":0,"comment_status":"open","ping_status":"open","template":"","meta":{"footnotes":""},"class_list":["post-711","page","type-page","status-publish","hentry"],"_links":{"self":[{"href":"https:\/\/bryo-engineering.com\/index.php\/wp-json\/wp\/v2\/pages\/711"}],"collection":[{"href":"https:\/\/bryo-engineering.com\/index.php\/wp-json\/wp\/v2\/pages"}],"about":[{"href":"https:\/\/bryo-engineering.com\/index.php\/wp-json\/wp\/v2\/types\/page"}],"author":[{"embeddable":true,"href":"https:\/\/bryo-engineering.com\/index.php\/wp-json\/wp\/v2\/users\/2"}],"replies":[{"embeddable":true,"href":"https:\/\/bryo-engineering.com\/index.php\/wp-json\/wp\/v2\/comments?post=711"}],"version-history":[{"count":33,"href":"https:\/\/bryo-engineering.com\/index.php\/wp-json\/wp\/v2\/pages\/711\/revisions"}],"predecessor-version":[{"id":1741,"href":"https:\/\/bryo-engineering.com\/index.php\/wp-json\/wp\/v2\/pages\/711\/revisions\/1741"}],"wp:attachment":[{"href":"https:\/\/bryo-engineering.com\/index.php\/wp-json\/wp\/v2\/media?parent=711"}],"curies":[{"name":"wp","href":"https:\/\/api.w.org\/{rel}","templated":true}]}}